{"id":1720,"date":"2021-02-02T08:52:28","date_gmt":"2021-02-02T07:52:28","guid":{"rendered":"https:\/\/www1.caminos.upm.es\/matematicas\/?page_id=1720"},"modified":"2024-04-03T16:06:20","modified_gmt":"2024-04-03T14:06:20","slug":"premios","status":"publish","type":"page","link":"https:\/\/www1.caminos.upm.es\/matematicas\/premios\/","title":{"rendered":"Premios"},"content":{"rendered":"\t\t<div data-elementor-type=\"wp-page\" data-elementor-id=\"1720\" class=\"elementor elementor-1720\">\n\t\t\t\t\t\t<div class=\"elementor-inner\">\n\t\t\t\t<div class=\"elementor-section-wrap\">\n\t\t\t\t\t\t\t\t\t<section class=\"elementor-section elementor-top-section elementor-element elementor-element-f9f3a42 elementor-section-boxed elementor-section-height-default elementor-section-height-default\" data-id=\"f9f3a42\" data-element_type=\"section\">\n\t\t\t\t\t\t<div class=\"elementor-container elementor-column-gap-default\">\n\t\t\t\t\t\t\t<div class=\"elementor-row\">\n\t\t\t\t\t<div class=\"elementor-column elementor-col-100 elementor-top-column elementor-element elementor-element-d690607\" data-id=\"d690607\" data-element_type=\"column\">\n\t\t\t<div class=\"elementor-column-wrap elementor-element-populated\">\n\t\t\t\t\t\t\t<div class=\"elementor-widget-wrap\">\n\t\t\t\t\t\t<div class=\"elementor-element elementor-element-c8f21b9 elementor-widget elementor-widget-text-editor\" data-id=\"c8f21b9\" data-element_type=\"widget\" data-widget_type=\"text-editor.default\">\n\t\t\t\t<div class=\"elementor-widget-container\">\n\t\t\t\t\t\t\t\t<div class=\"elementor-text-editor elementor-clearfix\">\n\t\t\t\t<p>El Proyecto \u00abCiencia y Arte\u00bb, coordinado por Maril\u00f3 L\u00f3pez Gonz\u00e1lez, ha recibido el Premio a Proyectos de Innovaci\u00f3n Educativa 2023 de la UPM.<\/p><p>M\u00e1s informaci\u00f3n:\u00a0<a href=\"https:\/\/innovacioneducativa.upm.es\/premios-2023\">https:\/\/innovacioneducativa.upm.es\/premios-2023<\/a><\/p>\t\t\t\t\t<\/div>\n\t\t\t\t\t\t<\/div>\n\t\t\t\t<\/div>\n\t\t\t\t<div class=\"elementor-element elementor-element-55988f8 elementor-widget-divider--view-line elementor-widget elementor-widget-divider\" data-id=\"55988f8\" data-element_type=\"widget\" data-widget_type=\"divider.default\">\n\t\t\t\t<div class=\"elementor-widget-container\">\n\t\t\t\t\t<div class=\"elementor-divider\">\n\t\t\t<span class=\"elementor-divider-separator\">\n\t\t\t\t\t\t<\/span>\n\t\t<\/div>\n\t\t\t\t<\/div>\n\t\t\t\t<\/div>\n\t\t\t\t<div class=\"elementor-element elementor-element-25b94a9 elementor-widget elementor-widget-text-editor\" data-id=\"25b94a9\" data-element_type=\"widget\" data-widget_type=\"text-editor.default\">\n\t\t\t\t<div class=\"elementor-widget-container\">\n\t\t\t\t\t\t\t\t<div class=\"elementor-text-editor elementor-clearfix\">\n\t\t\t\t<p>El proyecto \u201cAccessible Math\u201d, del GIE Pensamiento Matem\u00e1tico, ha sido finalista en el I EELISA Diversity Award celebrado en Bucarest en octubre del 2023.<\/p>\t\t\t\t\t<\/div>\n\t\t\t\t\t\t<\/div>\n\t\t\t\t<\/div>\n\t\t\t\t<div class=\"elementor-element elementor-element-7edffd5 elementor-widget-divider--view-line elementor-widget elementor-widget-divider\" data-id=\"7edffd5\" data-element_type=\"widget\" data-widget_type=\"divider.default\">\n\t\t\t\t<div class=\"elementor-widget-container\">\n\t\t\t\t\t<div class=\"elementor-divider\">\n\t\t\t<span class=\"elementor-divider-separator\">\n\t\t\t\t\t\t<\/span>\n\t\t<\/div>\n\t\t\t\t<\/div>\n\t\t\t\t<\/div>\n\t\t\t\t<div class=\"elementor-element elementor-element-93a484c elementor-widget elementor-widget-text-editor\" data-id=\"93a484c\" data-element_type=\"widget\" data-widget_type=\"text-editor.default\">\n\t\t\t\t<div class=\"elementor-widget-container\">\n\t\t\t\t\t\t\t\t<div class=\"elementor-text-editor elementor-clearfix\">\n\t\t\t\t<p>Primer Premio de la XXIV Edici\u00f3n del concurso cient\u00edfico Ciencia en Acci\u00f3n en la modalidad de Trabajos de Divulgaci\u00f3n Cient\u00edfica concedido al trabajo titulado Matem\u00e1ticas en Danza del GIE Pensamiento Matem\u00e1tico coordinado por Maril\u00f3 L\u00f3pez. Viladecans, 12 de julio de 2023.\u00a0<\/p>\t\t\t\t\t<\/div>\n\t\t\t\t\t\t<\/div>\n\t\t\t\t<\/div>\n\t\t\t\t<div class=\"elementor-element elementor-element-21163fd elementor-widget-divider--view-line elementor-widget elementor-widget-divider\" data-id=\"21163fd\" data-element_type=\"widget\" data-widget_type=\"divider.default\">\n\t\t\t\t<div class=\"elementor-widget-container\">\n\t\t\t\t\t<div class=\"elementor-divider\">\n\t\t\t<span class=\"elementor-divider-separator\">\n\t\t\t\t\t\t<\/span>\n\t\t<\/div>\n\t\t\t\t<\/div>\n\t\t\t\t<\/div>\n\t\t\t\t<div class=\"elementor-element elementor-element-97cff1e elementor-widget elementor-widget-text-editor\" data-id=\"97cff1e\" data-element_type=\"widget\" data-widget_type=\"text-editor.default\">\n\t\t\t\t<div class=\"elementor-widget-container\">\n\t\t\t\t\t\t\t\t<div class=\"elementor-text-editor elementor-clearfix\">\n\t\t\t\t<p>Mar\u00eda Jes\u00fas V\u00e1zquez Gallo ha recibido el Premio de Innovaci\u00f3n Educativa 2022 de la UPM. M\u00e1s informaci\u00f3n:\u00a0<a href=\"https:\/\/innovacioneducativa.upm.es\/premios-2022\">https:\/\/innovacioneducativa.upm.es\/premios-2022<\/a><\/p>\t\t\t\t\t<\/div>\n\t\t\t\t\t\t<\/div>\n\t\t\t\t<\/div>\n\t\t\t\t<div class=\"elementor-element elementor-element-dfe56a9 elementor-widget-divider--view-line elementor-widget elementor-widget-divider\" data-id=\"dfe56a9\" data-element_type=\"widget\" data-widget_type=\"divider.default\">\n\t\t\t\t<div class=\"elementor-widget-container\">\n\t\t\t\t\t<div class=\"elementor-divider\">\n\t\t\t<span class=\"elementor-divider-separator\">\n\t\t\t\t\t\t<\/span>\n\t\t<\/div>\n\t\t\t\t<\/div>\n\t\t\t\t<\/div>\n\t\t\t\t<div class=\"elementor-element elementor-element-1f546e8 elementor-widget elementor-widget-text-editor\" data-id=\"1f546e8\" data-element_type=\"widget\" data-widget_type=\"text-editor.default\">\n\t\t\t\t<div class=\"elementor-widget-container\">\n\t\t\t\t\t\t\t\t<div class=\"elementor-text-editor elementor-clearfix\">\n\t\t\t\t<p>Menci\u00f3n de Honor al trabajo \u201cVideo Juego: whos-that-function\u201d de Maril\u00f3 L\u00f3pez, Javier Rodrigo, Sagrario Lantar\u00f3n, Susana Merch\u00e1n y Pablo Marcos L\u00f3pez de la Universidad Polit\u00e9cnica de Madrid. En la XXII Edici\u00f3n de \u201cCiencia en Acci\u00f3n\u201d (Atarfe 1-3 de octubre 2021). Modalidad Premio \u201cLaboratorio de Matem\u00e1ticas\u201d (ICEMAT).<\/p>\t\t\t\t\t<\/div>\n\t\t\t\t\t\t<\/div>\n\t\t\t\t<\/div>\n\t\t\t\t<div class=\"elementor-element elementor-element-294ee7a elementor-widget-divider--view-line elementor-widget elementor-widget-divider\" data-id=\"294ee7a\" data-element_type=\"widget\" data-widget_type=\"divider.default\">\n\t\t\t\t<div class=\"elementor-widget-container\">\n\t\t\t\t\t<div class=\"elementor-divider\">\n\t\t\t<span class=\"elementor-divider-separator\">\n\t\t\t\t\t\t<\/span>\n\t\t<\/div>\n\t\t\t\t<\/div>\n\t\t\t\t<\/div>\n\t\t\t\t<div class=\"elementor-element elementor-element-79b7537 elementor-widget elementor-widget-text-editor\" data-id=\"79b7537\" data-element_type=\"widget\" data-widget_type=\"text-editor.default\">\n\t\t\t\t<div class=\"elementor-widget-container\">\n\t\t\t\t\t\t\t\t<div class=\"elementor-text-editor elementor-clearfix\">\n\t\t\t\t<p>Maril\u00f3 L\u00f3pez Gonz\u00e1lez ha recibido el Premio a la Excelencia Docente 2021 de la UPM.<\/p><p>El Grupo \u00abMejora del Aprendizaje de la Matem\u00e1tica en la Ingenier\u00eda\u00bb, coordinado por Mar\u00eda Jes\u00fas V\u00e1zquez Gallo, ha recibido el Premio a Grupos de Innovaci\u00f3n Educativa 2021 de la UPM.<\/p><p>M\u00e1s informaci\u00f3n de ambos premios: <a href=\"https:\/\/innovacioneducativa.upm.es\/premios-2021\">https:\/\/innovacioneducativa.upm.es\/premios-2021<\/a>\u00a0<\/p>\t\t\t\t\t<\/div>\n\t\t\t\t\t\t<\/div>\n\t\t\t\t<\/div>\n\t\t\t\t<div class=\"elementor-element elementor-element-9af88e7 elementor-widget-divider--view-line elementor-widget elementor-widget-divider\" data-id=\"9af88e7\" data-element_type=\"widget\" data-widget_type=\"divider.default\">\n\t\t\t\t<div class=\"elementor-widget-container\">\n\t\t\t\t\t<div class=\"elementor-divider\">\n\t\t\t<span class=\"elementor-divider-separator\">\n\t\t\t\t\t\t<\/span>\n\t\t<\/div>\n\t\t\t\t<\/div>\n\t\t\t\t<\/div>\n\t\t\t\t<div class=\"elementor-element elementor-element-ddfa5ee elementor-position-top elementor-vertical-align-top elementor-widget elementor-widget-image-box\" data-id=\"ddfa5ee\" data-element_type=\"widget\" data-widget_type=\"image-box.default\">\n\t\t\t\t<div class=\"elementor-widget-container\">\n\t\t\t<div class=\"elementor-image-box-wrapper\"><figure class=\"elementor-image-box-img\"><a href=\"https:\/\/www.upm.es\/UPM\/SalaPrensa\/Noticias?id=630e7e8068427710VgnVCM10000009c7648a____&#038;fmt=detail&#038;prefmt=articulo\" target=\"_blank\"><img decoding=\"async\" width=\"885\" height=\"492\" src=\"https:\/\/www1.caminos.upm.es\/matematicas\/wp-content\/uploads\/premio-IE-teatro-pdf.png\" class=\"attachment-full size-full\" alt=\"Premio 2020 Innovaci\u00f3n educativa\" loading=\"lazy\" \/><\/a><\/figure><div class=\"elementor-image-box-content\"><h3 class=\"elementor-image-box-title\"><a href=\"https:\/\/www.upm.es\/UPM\/SalaPrensa\/Noticias?id=630e7e8068427710VgnVCM10000009c7648a____&#038;fmt=detail&#038;prefmt=articulo\" target=\"_blank\">\u201ce-pi-log-0: Teatro Inteligente\u201d , Premio Proyecto Innovaci\u00f3n Educativa<\/a><\/h3><p class=\"elementor-image-box-description\">Maril\u00f3 L\u00f3pez Gonz\u00e1lez, nuestra querida profesora del departamento de Matem\u00e1tica e Inform\u00e1tica Aplicadas a las Ingenier\u00edas Civil y Naval de la Escuela T\u00e9cnica Superior de Ingenieros de Caminos, Canales y Puertos de la UPM, es la coordinadora de este Proyecto de Innovaci\u00f3n Educativa.<\/p><\/div><\/div>\t\t<\/div>\n\t\t\t\t<\/div>\n\t\t\t\t<div class=\"elementor-element elementor-element-754ee51 elementor-widget-divider--view-line elementor-widget elementor-widget-divider\" data-id=\"754ee51\" data-element_type=\"widget\" data-widget_type=\"divider.default\">\n\t\t\t\t<div class=\"elementor-widget-container\">\n\t\t\t\t\t<div class=\"elementor-divider\">\n\t\t\t<span class=\"elementor-divider-separator\">\n\t\t\t\t\t\t<\/span>\n\t\t<\/div>\n\t\t\t\t<\/div>\n\t\t\t\t<\/div>\n\t\t\t\t<div class=\"elementor-element elementor-element-5722a42 elementor-widget elementor-widget-text-editor\" data-id=\"5722a42\" data-element_type=\"widget\" data-widget_type=\"text-editor.default\">\n\t\t\t\t<div class=\"elementor-widget-container\">\n\t\t\t\t\t\t\t\t<div class=\"elementor-text-editor elementor-clearfix\">\n\t\t\t\t<p>Leonardo Fern\u00e1ndez Jambrina y Maril\u00f3 L\u00f3pez Gonz\u00e1lez han recibido el Premio de Innovaci\u00f3n Educativa 2016 de la UPM. M\u00e1s informaci\u00f3n: <a href=\"https:\/\/innovacioneducativa.upm.es\/premios-2016\">https:\/\/innovacioneducativa.upm.es\/premios-2016<\/a><\/p><p><a href=\"https:\/\/www.upm.es\/UPM\/SalaPrensa\/Noticias?fmt=detail&amp;prefmt=articulo&amp;id=e541ae06bb71a510VgnVCM10000009c7648a____\">https:\/\/www.upm.es\/UPM\/SalaPrensa\/Noticias?fmt=detail&amp;prefmt=articulo&amp;id=e541ae06bb71a510VgnVCM10000009c7648a____<\/a><\/p>\t\t\t\t\t<\/div>\n\t\t\t\t\t\t<\/div>\n\t\t\t\t<\/div>\n\t\t\t\t<div class=\"elementor-element elementor-element-b000121 elementor-widget-divider--view-line elementor-widget elementor-widget-divider\" data-id=\"b000121\" data-element_type=\"widget\" data-widget_type=\"divider.default\">\n\t\t\t\t<div class=\"elementor-widget-container\">\n\t\t\t\t\t<div class=\"elementor-divider\">\n\t\t\t<span class=\"elementor-divider-separator\">\n\t\t\t\t\t\t<\/span>\n\t\t<\/div>\n\t\t\t\t<\/div>\n\t\t\t\t<\/div>\n\t\t\t\t<div class=\"elementor-element elementor-element-2d86000 elementor-widget elementor-widget-text-editor\" data-id=\"2d86000\" data-element_type=\"widget\" data-widget_type=\"text-editor.default\">\n\t\t\t\t<div class=\"elementor-widget-container\">\n\t\t\t\t\t\t\t\t<div class=\"elementor-text-editor elementor-clearfix\">\n\t\t\t\t<p>Leonardo Fern\u00e1ndez Jambrina ha recibido el Premio Ministerio de Educaci\u00f3n Cultura y Deporte &#8211; Universia a la iniciativa OpenCourseWare con la asignatura Ecuaciones Diferenciales. M\u00e1s informaci\u00f3n:\u00a0<a href=\"https:\/\/www.eleconomista.es\/campus\/noticias\/6798093\/06\/15\/Dos-universidades-de-Madrid-ganadoras-de-los-Premios-OpenCourseWare-y-Uniproyecta.html\">https:\/\/www.eleconomista.es\/campus\/noticias\/6798093\/06\/15\/Dos-universidades-de-Madrid-ganadoras-de-los-Premios-OpenCourseWare-y-Uniproyecta.html<\/a><\/p>\t\t\t\t\t<\/div>\n\t\t\t\t\t\t<\/div>\n\t\t\t\t<\/div>\n\t\t\t\t<div class=\"elementor-element elementor-element-a4a7862 elementor-widget-divider--view-line elementor-widget elementor-widget-divider\" data-id=\"a4a7862\" data-element_type=\"widget\" data-widget_type=\"divider.default\">\n\t\t\t\t<div class=\"elementor-widget-container\">\n\t\t\t\t\t<div class=\"elementor-divider\">\n\t\t\t<span class=\"elementor-divider-separator\">\n\t\t\t\t\t\t<\/span>\n\t\t<\/div>\n\t\t\t\t<\/div>\n\t\t\t\t<\/div>\n\t\t\t\t<div class=\"elementor-element elementor-element-78b09d3 elementor-widget elementor-widget-text-editor\" data-id=\"78b09d3\" data-element_type=\"widget\" data-widget_type=\"text-editor.default\">\n\t\t\t\t<div class=\"elementor-widget-container\">\n\t\t\t\t\t\t\t\t<div class=\"elementor-text-editor elementor-clearfix\">\n\t\t\t\t<p>El Grupo \u00abPensamiento Matem\u00e1tico\u00bb, coordinado por Maril\u00f3 L\u00f3pez Gonz\u00e1lez, ha recibido el Premio a Grupos de Innovaci\u00f3n Educativa 2013 de la UPM.<\/p><p>M\u00e1s informaci\u00f3n de ambos premios:\u00a0<a href=\"https:\/\/innovacioneducativa.upm.es\/premios-2013\">https:\/\/innovacioneducativa.upm.es\/premios-2013<\/a><\/p>\t\t\t\t\t<\/div>\n\t\t\t\t\t\t<\/div>\n\t\t\t\t<\/div>\n\t\t\t\t<div class=\"elementor-element elementor-element-ff3338d elementor-widget-divider--view-line elementor-widget elementor-widget-divider\" data-id=\"ff3338d\" data-element_type=\"widget\" data-widget_type=\"divider.default\">\n\t\t\t\t<div class=\"elementor-widget-container\">\n\t\t\t\t\t<div class=\"elementor-divider\">\n\t\t\t<span class=\"elementor-divider-separator\">\n\t\t\t\t\t\t<\/span>\n\t\t<\/div>\n\t\t\t\t<\/div>\n\t\t\t\t<\/div>\n\t\t\t\t\t\t<\/div>\n\t\t\t\t\t<\/div>\n\t\t<\/div>\n\t\t\t\t\t\t\t\t<\/div>\n\t\t\t\t\t<\/div>\n\t\t<\/section>\n\t\t\t\t<section class=\"elementor-section elementor-top-section elementor-element elementor-element-95555e2 elementor-section-boxed elementor-section-height-default elementor-section-height-default\" data-id=\"95555e2\" data-element_type=\"section\">\n\t\t\t\t\t\t<div class=\"elementor-container elementor-column-gap-default\">\n\t\t\t\t\t\t\t<div class=\"elementor-row\">\n\t\t\t\t\t<div class=\"elementor-column elementor-col-50 elementor-top-column elementor-element elementor-element-cf36390\" data-id=\"cf36390\" data-element_type=\"column\">\n\t\t\t<div class=\"elementor-column-wrap elementor-element-populated\">\n\t\t\t\t\t\t\t<div class=\"elementor-widget-wrap\">\n\t\t\t\t\t\t<div class=\"elementor-element elementor-element-5751807 elementor-position-top elementor-vertical-align-top elementor-widget elementor-widget-image-box\" data-id=\"5751807\" data-element_type=\"widget\" data-widget_type=\"image-box.default\">\n\t\t\t\t<div class=\"elementor-widget-container\">\n\t\t\t<div class=\"elementor-image-box-wrapper\"><figure class=\"elementor-image-box-img\"><img decoding=\"async\" width=\"300\" height=\"300\" src=\"https:\/\/www1.caminos.upm.es\/matematicas\/wp-content\/uploads\/Sagrario_red.jpg\" class=\"attachment-medium size-medium\" alt=\"Sagrario\" loading=\"lazy\" \/><\/figure><div class=\"elementor-image-box-content\"><h5 class=\"elementor-image-box-title\">Sagrario Lantar\u00f3n S\u00e1nchez <br><br>Premio mejor profesora ETSI Caminos<br><br>2020-2021<span style=\"color: inherit; font-variant-ligatures: inherit; font-variant-caps: inherit;\"><\/span><br><\/h5><\/div><\/div>\t\t<\/div>\n\t\t\t\t<\/div>\n\t\t\t\t\t\t<\/div>\n\t\t\t\t\t<\/div>\n\t\t<\/div>\n\t\t\t\t<div class=\"elementor-column elementor-col-50 elementor-top-column elementor-element elementor-element-3e48b56\" data-id=\"3e48b56\" data-element_type=\"column\">\n\t\t\t<div class=\"elementor-column-wrap elementor-element-populated\">\n\t\t\t\t\t\t\t<div class=\"elementor-widget-wrap\">\n\t\t\t\t\t\t<div class=\"elementor-element elementor-element-93ee621 elementor-position-top elementor-vertical-align-top elementor-widget elementor-widget-image-box\" data-id=\"93ee621\" data-element_type=\"widget\" data-widget_type=\"image-box.default\">\n\t\t\t\t<div class=\"elementor-widget-container\">\n\t\t\t<div class=\"elementor-image-box-wrapper\"><figure class=\"elementor-image-box-img\"><a href=\"https:\/\/blogs.upm.es\/paginapersonalmarilo\/\" target=\"_blank\"><img decoding=\"async\" width=\"300\" height=\"300\" src=\"https:\/\/www1.caminos.upm.es\/matematicas\/wp-content\/uploads\/Marilo1_red.jpg\" class=\"attachment-medium size-medium\" alt=\"Marilo\" loading=\"lazy\" \/><\/a><\/figure><div class=\"elementor-image-box-content\"><h5 class=\"elementor-image-box-title\"><a href=\"https:\/\/blogs.upm.es\/paginapersonalmarilo\/\" target=\"_blank\">Maril\u00f3 L\u00f3pez Gonz\u00e1lez<br><br>Premio mejor profesora ETSI Caminos<br><br>2016-2017<\/a><\/h5><\/div><\/div>\t\t<\/div>\n\t\t\t\t<\/div>\n\t\t\t\t\t\t<\/div>\n\t\t\t\t\t<\/div>\n\t\t<\/div>\n\t\t\t\t\t\t\t\t<\/div>\n\t\t\t\t\t<\/div>\n\t\t<\/section>\n\t\t\t\t<section class=\"elementor-section elementor-top-section elementor-element elementor-element-aa905c4 elementor-section-boxed elementor-section-height-default elementor-section-height-default\" data-id=\"aa905c4\" data-element_type=\"section\">\n\t\t\t\t\t\t<div class=\"elementor-container elementor-column-gap-default\">\n\t\t\t\t\t\t\t<div class=\"elementor-row\">\n\t\t\t\t\t<div class=\"elementor-column elementor-col-50 elementor-top-column elementor-element elementor-element-26ad3c9\" data-id=\"26ad3c9\" data-element_type=\"column\">\n\t\t\t<div class=\"elementor-column-wrap elementor-element-populated\">\n\t\t\t\t\t\t\t<div class=\"elementor-widget-wrap\">\n\t\t\t\t\t\t<div class=\"elementor-element elementor-element-837789c elementor-position-top elementor-vertical-align-top elementor-widget elementor-widget-image-box\" data-id=\"837789c\" data-element_type=\"widget\" data-widget_type=\"image-box.default\">\n\t\t\t\t<div class=\"elementor-widget-container\">\n\t\t\t<div class=\"elementor-image-box-wrapper\"><figure class=\"elementor-image-box-img\"><img decoding=\"async\" width=\"291\" height=\"300\" src=\"https:\/\/www1.caminos.upm.es\/matematicas\/wp-content\/uploads\/mariano-291x300.jpg\" class=\"attachment-medium size-medium\" alt=\"mariano\" loading=\"lazy\" \/><\/figure><div class=\"elementor-image-box-content\"><h5 class=\"elementor-image-box-title\">Mariano Soler Dorda<br><br>Premio mejor profesor ETSI Caminos<br><br>2009-2010<span style=\"color: inherit; font-variant-ligatures: inherit; font-variant-caps: inherit;\"><\/span><br><\/h5><\/div><\/div>\t\t<\/div>\n\t\t\t\t<\/div>\n\t\t\t\t\t\t<\/div>\n\t\t\t\t\t<\/div>\n\t\t<\/div>\n\t\t\t\t<div class=\"elementor-column elementor-col-50 elementor-top-column elementor-element elementor-element-331a0d7\" data-id=\"331a0d7\" data-element_type=\"column\">\n\t\t\t<div class=\"elementor-column-wrap\">\n\t\t\t\t\t\t\t<div class=\"elementor-widget-wrap\">\n\t\t\t\t\t\t\t\t<\/div>\n\t\t\t\t\t<\/div>\n\t\t<\/div>\n\t\t\t\t\t\t\t\t<\/div>\n\t\t\t\t\t<\/div>\n\t\t<\/section>\n\t\t\t\t<section class=\"elementor-section elementor-top-section elementor-element elementor-element-2e6889d elementor-section-boxed elementor-section-height-default elementor-section-height-default\" data-id=\"2e6889d\" data-element_type=\"section\">\n\t\t\t\t\t\t<div class=\"elementor-container elementor-column-gap-default\">\n\t\t\t\t\t\t\t<div class=\"elementor-row\">\n\t\t\t\t\t<div class=\"elementor-column elementor-col-100 elementor-top-column elementor-element elementor-element-902afdd\" data-id=\"902afdd\" data-element_type=\"column\">\n\t\t\t<div class=\"elementor-column-wrap elementor-element-populated\">\n\t\t\t\t\t\t\t<div class=\"elementor-widget-wrap\">\n\t\t\t\t\t\t<div class=\"elementor-element elementor-element-210f250 elementor-widget-divider--view-line elementor-widget elementor-widget-divider\" data-id=\"210f250\" data-element_type=\"widget\" data-widget_type=\"divider.default\">\n\t\t\t\t<div class=\"elementor-widget-container\">\n\t\t\t\t\t<div class=\"elementor-divider\">\n\t\t\t<span class=\"elementor-divider-separator\">\n\t\t\t\t\t\t<\/span>\n\t\t<\/div>\n\t\t\t\t<\/div>\n\t\t\t\t<\/div>\n\t\t\t\t\t\t<\/div>\n\t\t\t\t\t<\/div>\n\t\t<\/div>\n\t\t\t\t\t\t\t\t<\/div>\n\t\t\t\t\t<\/div>\n\t\t<\/section>\n\t\t\t\t<section class=\"elementor-section elementor-top-section elementor-element elementor-element-d4cde4d elementor-section-boxed elementor-section-height-default elementor-section-height-default\" data-id=\"d4cde4d\" data-element_type=\"section\">\n\t\t\t\t\t\t<div class=\"elementor-container elementor-column-gap-default\">\n\t\t\t\t\t\t\t<div class=\"elementor-row\">\n\t\t\t\t\t<div class=\"elementor-column elementor-col-100 elementor-top-column elementor-element elementor-element-713096b\" data-id=\"713096b\" data-element_type=\"column\">\n\t\t\t<div class=\"elementor-column-wrap\">\n\t\t\t\t\t\t\t<div class=\"elementor-widget-wrap\">\n\t\t\t\t\t\t\t\t<\/div>\n\t\t\t\t\t<\/div>\n\t\t<\/div>\n\t\t\t\t\t\t\t\t<\/div>\n\t\t\t\t\t<\/div>\n\t\t<\/section>\n\t\t\t\t\t\t\t\t\t<\/div>\n\t\t\t<\/div>\n\t\t\t\t\t<\/div>\n\t\t","protected":false},"excerpt":{"rendered":"<p>El Proyecto \u00abCiencia y Arte\u00bb, coordinado por Maril\u00f3 L\u00f3pez Gonz\u00e1lez, ha recibido el Premio a Proyectos de Innovaci\u00f3n Educativa 2023 de la UPM. M\u00e1s informaci\u00f3n:\u00a0https:\/\/innovacioneducativa.upm.es\/premios-2023 El proyecto \u201cAccessible Math\u201d, del GIE Pensamiento Matem\u00e1tico, ha sido finalista en el I EELISA Diversity Award celebrado en Bucarest en octubre del 2023. Primer Premio de la XXIV Edici\u00f3n <a href=\"https:\/\/www1.caminos.upm.es\/matematicas\/premios\/\" rel=\"nofollow\"><span class=\"sr-only\">Leer m\u00e1sPremios<\/span>[&hellip;]<\/a><\/p>\n","protected":false},"author":9,"featured_media":0,"parent":0,"menu_order":0,"comment_status":"closed","ping_status":"closed","template":"","meta":[],"_links":{"self":[{"href":"https:\/\/www1.caminos.upm.es\/matematicas\/wp-json\/wp\/v2\/pages\/1720"}],"collection":[{"href":"https:\/\/www1.caminos.upm.es\/matematicas\/wp-json\/wp\/v2\/pages"}],"about":[{"href":"https:\/\/www1.caminos.upm.es\/matematicas\/wp-json\/wp\/v2\/types\/page"}],"author":[{"embeddable":true,"href":"https:\/\/www1.caminos.upm.es\/matematicas\/wp-json\/wp\/v2\/users\/9"}],"replies":[{"embeddable":true,"href":"https:\/\/www1.caminos.upm.es\/matematicas\/wp-json\/wp\/v2\/comments?post=1720"}],"version-history":[{"count":122,"href":"https:\/\/www1.caminos.upm.es\/matematicas\/wp-json\/wp\/v2\/pages\/1720\/revisions"}],"predecessor-version":[{"id":8108,"href":"https:\/\/www1.caminos.upm.es\/matematicas\/wp-json\/wp\/v2\/pages\/1720\/revisions\/8108"}],"wp:attachment":[{"href":"https:\/\/www1.caminos.upm.es\/matematicas\/wp-json\/wp\/v2\/media?parent=1720"}],"curies":[{"name":"wp","href":"https:\/\/api.w.org\/{rel}","templated":true}]}}